{"id":17182,"date":"2021-01-06T09:50:18","date_gmt":"2021-01-06T09:50:18","guid":{"rendered":"https:\/\/www.spanishvillaphotography.com\/album\/las-chimeneas\/"},"modified":"2025-06-11T11:51:15","modified_gmt":"2025-06-11T10:51:15","slug":"las-chimeneas","status":"publish","type":"album","link":"https:\/\/www.spanishvillaphotography.com\/es\/album\/las-chimeneas\/","title":{"rendered":"Las Ch\u00edmeneas"},"content":{"rendered":"<p>Este encargo era para la venta de una casa, no para un alquiler, por lo que los requisitos de la sesi\u00f3n fotogr\u00e1fica fueron ligeramente diferentes. Era importante detallar las caracter\u00edsticas de la propiedad para que resultara atractiva para un posible comprador en lugar de un simple hu\u00e9sped. Dicho esto, la casa principal ten\u00eda una casa de hu\u00e9spedes anexa para alquileres vacacionales (v\u00e9ase <a href=\"https:\/\/www.spanishvillaphotography.com\/es\/album\/la-casita\/\">La Casita<\/a>), as\u00ed que tuvimos que cambiar un poco de enfoque al fotografiarla.  <\/p>\n<p>Adem\u00e1s del acceso y el interior, la casa contaba con amplios jardines para fotografiar, incluyendo instalaciones con potencial comercial. Tuvimos que tomarnos nuestro tiempo para fotografiar el interior, ya que el contraste de luz entre el interior y el exterior implicaba que cada imagen deb\u00eda constar de cinco tomas. Este proceso implicaba tomar varios segundos en lugar de instant\u00e1neas. Afortunadamente, los propietarios hab\u00edan preparado la propiedad lo mejor posible, lo que supuso un ahorro de tiempo.   <\/p>\n","protected":false},"featured_media":15627,"comment_status":"closed","ping_status":"closed","template":"","genre":[126,127],"class_list":{"0":"post-17182","1":"album","2":"type-album","3":"status-publish","4":"has-post-thumbnail","6":"genre-propiedades-en-el-campo","7":"genre-recorridos-de-360"},"_links":{"self":[{"href":"https:\/\/www.spanishvillaphotography.com\/es\/wp-json\/wp\/v2\/album\/17182","targetHints":{"allow":["GET"]}}],"collection":[{"href":"https:\/\/www.spanishvillaphotography.com\/es\/wp-json\/wp\/v2\/album"}],"about":[{"href":"https:\/\/www.spanishvillaphotography.com\/es\/wp-json\/wp\/v2\/types\/album"}],"replies":[{"embeddable":true,"href":"https:\/\/www.spanishvillaphotography.com\/es\/wp-json\/wp\/v2\/comments?post=17182"}],"wp:featuredmedia":[{"embeddable":true,"href":"https:\/\/www.spanishvillaphotography.com\/es\/wp-json\/wp\/v2\/media\/15627"}],"wp:attachment":[{"href":"https:\/\/www.spanishvillaphotography.com\/es\/wp-json\/wp\/v2\/media?parent=17182"}],"wp:term":[{"taxonomy":"genre","embeddable":true,"href":"https:\/\/www.spanishvillaphotography.com\/es\/wp-json\/wp\/v2\/genre?post=17182"}],"curies":[{"name":"wp","href":"https:\/\/api.w.org\/{rel}","templated":true}]}}