{"id":17179,"date":"2021-01-06T10:20:01","date_gmt":"2021-01-06T10:20:01","guid":{"rendered":"https:\/\/www.spanishvillaphotography.com\/album\/apartamento-5-capileira\/"},"modified":"2025-06-09T19:37:28","modified_gmt":"2025-06-09T18:37:28","slug":"apartamento-5-capileira","status":"publish","type":"album","link":"https:\/\/www.spanishvillaphotography.com\/es\/album\/apartamento-5-capileira\/","title":{"rendered":"Apartamento 5 Capileira"},"content":{"rendered":"<p>Esta propiedad se encontraba en Capileira, uno de los bonitos pueblos blancos de las Alpujarras. Era importante detallar con precisi\u00f3n las instalaciones que ofrec\u00eda el apartamento y lo que los hu\u00e9spedes pod\u00edan esperar ver a su llegada. <\/p>\n<p>El impresionante paisaje de las monta\u00f1as de Sierra Nevada es sin duda la caracter\u00edstica principal de esta zona, pero tambi\u00e9n lo es el sol radiante. Quer\u00edamos captar los aspectos soleados de estos apartamentos y pudimos utilizar las t\u00e9cnicas de iluminaci\u00f3n adecuadas para aprovechar al m\u00e1ximo la luz natural tanto en el interior como en el exterior. <\/p>\n<p>Al igual que su apartamento hermano (ver <a href=\"https:\/\/www.spanishvillaphotography.com\/es\/album\/apartamento-3-capileira\/\">Apartamento 3 Capileira<\/a>), este piso vacacional reci\u00e9n reformado contaba con instalaciones y accesorios de alta calidad que era imprescindible mostrar. Tras hablar con el propietario, nos dimos cuenta de que el sol de la tarde era m\u00e1s propicio para este apartamento, as\u00ed que nos aseguramos de programar la sesi\u00f3n fotogr\u00e1fica para m\u00e1s tarde. <\/p>\n","protected":false},"featured_media":15446,"comment_status":"closed","ping_status":"closed","template":"","genre":[124],"class_list":{"0":"post-17179","1":"album","2":"type-album","3":"status-publish","4":"has-post-thumbnail","6":"genre-casas-de-pueblo"},"_links":{"self":[{"href":"https:\/\/www.spanishvillaphotography.com\/es\/wp-json\/wp\/v2\/album\/17179","targetHints":{"allow":["GET"]}}],"collection":[{"href":"https:\/\/www.spanishvillaphotography.com\/es\/wp-json\/wp\/v2\/album"}],"about":[{"href":"https:\/\/www.spanishvillaphotography.com\/es\/wp-json\/wp\/v2\/types\/album"}],"replies":[{"embeddable":true,"href":"https:\/\/www.spanishvillaphotography.com\/es\/wp-json\/wp\/v2\/comments?post=17179"}],"wp:featuredmedia":[{"embeddable":true,"href":"https:\/\/www.spanishvillaphotography.com\/es\/wp-json\/wp\/v2\/media\/15446"}],"wp:attachment":[{"href":"https:\/\/www.spanishvillaphotography.com\/es\/wp-json\/wp\/v2\/media?parent=17179"}],"wp:term":[{"taxonomy":"genre","embeddable":true,"href":"https:\/\/www.spanishvillaphotography.com\/es\/wp-json\/wp\/v2\/genre?post=17179"}],"curies":[{"name":"wp","href":"https:\/\/api.w.org\/{rel}","templated":true}]}}