{"id":17177,"date":"2021-01-06T10:40:34","date_gmt":"2021-01-06T10:40:34","guid":{"rendered":"https:\/\/www.spanishvillaphotography.com\/album\/apartamento-3-capileira\/"},"modified":"2025-06-09T19:34:37","modified_gmt":"2025-06-09T18:34:37","slug":"apartamento-3-capileira","status":"publish","type":"album","link":"https:\/\/www.spanishvillaphotography.com\/es\/album\/apartamento-3-capileira\/","title":{"rendered":"Apartamento 3 Capileira"},"content":{"rendered":"<p>Esta propiedad se encontraba en Capileira, uno de los bonitos pueblos blancos de las Alpujarras. Era importante detallar con precisi\u00f3n las instalaciones que ofrec\u00eda el apartamento y lo que los hu\u00e9spedes pod\u00edan esperar ver a su llegada. <\/p>\n<p>El impresionante paisaje de las monta\u00f1as de Sierra Nevada es sin duda la caracter\u00edstica principal de esta zona, pero tambi\u00e9n lo es el sol radiante. Quer\u00edamos captar los aspectos soleados de estos apartamentos y pudimos utilizar las t\u00e9cnicas de iluminaci\u00f3n adecuadas para aprovechar al m\u00e1ximo la luz natural tanto en el interior como en el exterior. <\/p>\n<p>Este apartamento contaba con magn\u00edficos accesorios de madera que deb\u00edan destacarse. Se prest\u00f3 especial atenci\u00f3n al estilo org\u00e1nico de los z\u00f3calos de lavabo y las vigas tradicionales del techo. <\/p>\n","protected":false},"featured_media":15412,"comment_status":"closed","ping_status":"closed","template":"","genre":[124],"class_list":{"0":"post-17177","1":"album","2":"type-album","3":"status-publish","4":"has-post-thumbnail","6":"genre-casas-de-pueblo"},"_links":{"self":[{"href":"https:\/\/www.spanishvillaphotography.com\/es\/wp-json\/wp\/v2\/album\/17177","targetHints":{"allow":["GET"]}}],"collection":[{"href":"https:\/\/www.spanishvillaphotography.com\/es\/wp-json\/wp\/v2\/album"}],"about":[{"href":"https:\/\/www.spanishvillaphotography.com\/es\/wp-json\/wp\/v2\/types\/album"}],"replies":[{"embeddable":true,"href":"https:\/\/www.spanishvillaphotography.com\/es\/wp-json\/wp\/v2\/comments?post=17177"}],"wp:featuredmedia":[{"embeddable":true,"href":"https:\/\/www.spanishvillaphotography.com\/es\/wp-json\/wp\/v2\/media\/15412"}],"wp:attachment":[{"href":"https:\/\/www.spanishvillaphotography.com\/es\/wp-json\/wp\/v2\/media?parent=17177"}],"wp:term":[{"taxonomy":"genre","embeddable":true,"href":"https:\/\/www.spanishvillaphotography.com\/es\/wp-json\/wp\/v2\/genre?post=17177"}],"curies":[{"name":"wp","href":"https:\/\/api.w.org\/{rel}","templated":true}]}}