{"id":17171,"date":"2021-10-12T16:09:42","date_gmt":"2021-10-12T15:09:42","guid":{"rendered":"https:\/\/www.spanishvillaphotography.com\/album\/borde-de-capileira\/"},"modified":"2025-06-09T19:31:52","modified_gmt":"2025-06-09T18:31:52","slug":"borde-de-capileira","status":"publish","type":"album","link":"https:\/\/www.spanishvillaphotography.com\/es\/album\/borde-de-capileira\/","title":{"rendered":"Borde de Capileira"},"content":{"rendered":"<p>Hab\u00edamos esperado un tiempo hasta tener una ventana de oportunidad meteorol\u00f3gica. Pero una vez que se dispuso del sol radiante, esta propiedad rural en venta present\u00f3 unos cuantos retos, lo que la convirti\u00f3 en un proyecto interesante de acometer. <\/p>\n<p>Situada en un lugar fant\u00e1stico, esta propiedad de piedra ten\u00eda grandes ventanales, pero interiores de piedra bastante oscuros. Tuvimos que hacer varias fotos del interior, que luego hubo que apilar y fusionar (HDR), para hacer frente al alto rango din\u00e1mico de la luz entre el interior y el exterior. <\/p>\n<p>La propiedad tambi\u00e9n ten\u00eda varios niveles, lo que significaba que ten\u00edamos que encontrar los mejores \u00e1ngulos para fotografiar el edificio principal (desde abajo) manteniendo las verticales lo mejor posible. Y con unas vistas tan fant\u00e1sticas, era bueno crear unas cuantas panor\u00e1micas que mostraran la casa en su amplio entorno. <\/p>\n<p>La buena noticia es que esta propiedad se vendi\u00f3 poco despu\u00e9s de subir las fotos. Nos gustar\u00eda pensar que nuestras fotos atrajeron a compradores que pudieron ver el potencial de esta propiedad como vivienda o como negocio de alquiler. <\/p>\n","protected":false},"featured_media":16100,"comment_status":"closed","ping_status":"closed","template":"","genre":[124,126],"class_list":{"0":"post-17171","1":"album","2":"type-album","3":"status-publish","4":"has-post-thumbnail","6":"genre-casas-de-pueblo","7":"genre-propiedades-en-el-campo"},"_links":{"self":[{"href":"https:\/\/www.spanishvillaphotography.com\/es\/wp-json\/wp\/v2\/album\/17171","targetHints":{"allow":["GET"]}}],"collection":[{"href":"https:\/\/www.spanishvillaphotography.com\/es\/wp-json\/wp\/v2\/album"}],"about":[{"href":"https:\/\/www.spanishvillaphotography.com\/es\/wp-json\/wp\/v2\/types\/album"}],"replies":[{"embeddable":true,"href":"https:\/\/www.spanishvillaphotography.com\/es\/wp-json\/wp\/v2\/comments?post=17171"}],"wp:featuredmedia":[{"embeddable":true,"href":"https:\/\/www.spanishvillaphotography.com\/es\/wp-json\/wp\/v2\/media\/16100"}],"wp:attachment":[{"href":"https:\/\/www.spanishvillaphotography.com\/es\/wp-json\/wp\/v2\/media?parent=17171"}],"wp:term":[{"taxonomy":"genre","embeddable":true,"href":"https:\/\/www.spanishvillaphotography.com\/es\/wp-json\/wp\/v2\/genre?post=17171"}],"curies":[{"name":"wp","href":"https:\/\/api.w.org\/{rel}","templated":true}]}}